{"id":10081,"date":"2022-09-12T11:46:42","date_gmt":"2022-09-12T09:46:42","guid":{"rendered":"https:\/\/www.pharmaforum.be\/?post_type=activity&#038;p=10081"},"modified":"2022-09-13T12:14:13","modified_gmt":"2022-09-13T10:14:13","slug":"la-situation-economique-dans-le-monde-des-officines","status":"publish","type":"activity","link":"https:\/\/www.pharmaforum.be\/fr\/session\/la-situation-economique-dans-le-monde-des-officines\/","title":{"rendered":"La situation \u00e9conomique dans le monde des officines"},"content":{"rendered":"<p>\u00c0 l&#8217;heure o\u00f9 le Covid a laiss\u00e9 sa place \u00e0 la guerre en Ukraine, que s\u2019est-il pass\u00e9 ces deux derni\u00e8res ann\u00e9es dans le monde \u00e9conomique de la pharmacie et quelles sont les tendances pour l\u2019ann\u00e9e \u00e0 venir ?<\/p>\n<p>Nous parlerons des mouvements \u00e9conomiques globaux et de leurs impacts sur le monde de l\u2019officine (valorisation, fiscalit\u00e9, \u00e9volution).<\/p>\n","protected":false},"excerpt":{"rendered":"<p>\u00c0 l&#8217;heure o\u00f9 le Covid a laiss\u00e9 sa place \u00e0 la guerre en Ukraine, que s\u2019est-il pass\u00e9 ces deux derni\u00e8res ann\u00e9es dans le monde \u00e9conomique de la pharmacie et quelles sont les tendances pour l\u2019ann\u00e9e \u00e0 venir ?<br \/>\nNous parlerons des mouvements \u00e9conomiques globaux et de leurs impacts sur le monde de l\u2019officine (valorisation, fiscalit\u00e9, \u00e9volution).<\/p>\n","protected":false},"featured_media":0,"template":"","meta":{"_seopress_robots_primary_cat":"","_seopress_titles_title":"La situation \u00e9conomique dans le monde des officines - Pharma forum","_seopress_titles_desc":"\u00c0 l&#039;heure o\u00f9 le Covid a laiss\u00e9 sa place \u00e0 la guerre en Ukraine, que s\u2019est-il pass\u00e9 ces deux derni\u00e8res ann\u00e9es dans le monde \u00e9conomique de la pharmacie et quelles sont les tendances pour l\u2019ann\u00e9e \u00e0 venir ?\r\nNous parlerons des mouvements \u00e9conomiques globaux et de leurs impacts sur le monde de l\u2019officine (valorisation, fiscalit\u00e9, \u00e9volution).","_seopress_robots_index":"","_activity_time_start":"10:30","_activity_time_end":"11:30","_activity_date":"2022-09-25","_activity_price":"0","footnotes":""},"edition":[],"location":[406],"track":[],"activity_type":[402,401],"class_list":["post-10081","activity","type-activity","status-publish","hentry","location-salle-de-conference-2","activity_type-conference","activity_type-dimanche-24-septembre"],"_guests":[{"href":"https:\/\/www.pharmaforum.be\/fr\/wp-json\/wp\/v2\/guest\/10078"}],"_sponsors":[],"_cover_image":null,"_links":{"self":[{"href":"https:\/\/www.pharmaforum.be\/fr\/wp-json\/wp\/v2\/activity\/10081","targetHints":{"allow":["GET"]}}],"collection":[{"href":"https:\/\/www.pharmaforum.be\/fr\/wp-json\/wp\/v2\/activity"}],"about":[{"href":"https:\/\/www.pharmaforum.be\/fr\/wp-json\/wp\/v2\/types\/activity"}],"version-history":[{"count":2,"href":"https:\/\/www.pharmaforum.be\/fr\/wp-json\/wp\/v2\/activity\/10081\/revisions"}],"predecessor-version":[{"id":10155,"href":"https:\/\/www.pharmaforum.be\/fr\/wp-json\/wp\/v2\/activity\/10081\/revisions\/10155"}],"wp:attachment":[{"href":"https:\/\/www.pharmaforum.be\/fr\/wp-json\/wp\/v2\/media?parent=10081"}],"wp:term":[{"taxonomy":"edition","embeddable":true,"href":"https:\/\/www.pharmaforum.be\/fr\/wp-json\/wp\/v2\/edition?post=10081"},{"taxonomy":"location","embeddable":true,"href":"https:\/\/www.pharmaforum.be\/fr\/wp-json\/wp\/v2\/location?post=10081"},{"taxonomy":"track","embeddable":true,"href":"https:\/\/www.pharmaforum.be\/fr\/wp-json\/wp\/v2\/track?post=10081"},{"taxonomy":"activity_type","embeddable":true,"href":"https:\/\/www.pharmaforum.be\/fr\/wp-json\/wp\/v2\/activity_type?post=10081"}],"curies":[{"name":"wp","href":"https:\/\/api.w.org\/{rel}","templated":true}]}}