{"id":21397,"date":"2023-09-12T16:02:27","date_gmt":"2023-09-12T14:02:27","guid":{"rendered":"https:\/\/www.pharmaforum.be\/?post_type=activity&#038;p=21397"},"modified":"2023-10-03T15:07:39","modified_gmt":"2023-10-03T13:07:39","slug":"mr-le-pharmacien-jai-mal-au-ventre-ingredients-innovants-et-naturels-pour-une-prise-en-charge-globale-de-la-dispepsie-la-revolution-en-pharmacie","status":"publish","type":"activity","link":"https:\/\/www.pharmaforum.be\/fr\/session\/mr-le-pharmacien-jai-mal-au-ventre-ingredients-innovants-et-naturels-pour-une-prise-en-charge-globale-de-la-dispepsie-la-revolution-en-pharmacie\/","title":{"rendered":"\u00ab\u00a0Mr. le Pharmacien, j\u2019ai mal au ventre\u00a0!\u00a0\u2026 \u00bb Ingr\u00e9dients innovants et naturels pour une prise en charge globale de la Dispepsie. La r\u00e9volution en Pharmacie."},"content":{"rendered":"","protected":false},"excerpt":{"rendered":"<p>\u00ab Mr le Pharmacien, j\u2019ai mal au ventre ! \u2026 \u00bb Ingr\u00e9dients innovants et naturels pour une prise en charge globale de la Dispepsie. La r\u00e9volution en Pharmacie.<\/p>\n<p class=\"MsoNormal\"><span style=\"font-family: 'Arial',sans-serif; color: #1f1f1f; background: white;\">La dyspepsie affecte 20 \u00e0 30 % de la population et peut avoir un impact n\u00e9gatif sur la qualit\u00e9 de vie. Les m\u00e9dicaments sont le traitement de premi\u00e8re intention, mais peuvent pr\u00e9senter des effets secondaires importants.<\/span><\/p>\n<p class=\"MsoNormal\"><span style=\"font-family: 'Arial',sans-serif; color: #1f1f1f; background: white;\">Le Mastic de l\u2019\u00eele de Chios (Gr\u00e8ce), utilis\u00e9 depuis l\u2019Antiquit\u00e9 dans le cadre de l\u2019hygi\u00e8ne buccale et de la digestion, repr\u00e9sente une solution efficace dans le traitement de la dyspepsie. Par ailleurs, le Mastic a \u00e9t\u00e9 largement \u00e9tudi\u00e9 (1355 \u00e9tudes dont <i>54 \u00e9tudes cliniques<\/i> sur PubMed) avec des r\u00e9sultats tr\u00e8s <i>significatifs<\/i>, malgr\u00e9 sa faible solubilit\u00e9.<\/span><\/p>\n<p class=\"MsoNormal\"><span style=\"font-family: 'Arial',sans-serif; color: #1f1f1f; background: white;\">D\u00e9couvrons ensemble comment soulager efficacement vos patients gr\u00e2ce \u00e0 l\u2019innovation technologique qui nous donne acc\u00e8s au plein potentiel de cet ingr\u00e9dient.<\/span><\/p>\n","protected":false},"featured_media":0,"template":"","meta":{"_seopress_robots_primary_cat":"","_seopress_titles_title":"","_seopress_titles_desc":"","_seopress_robots_index":"","_activity_time_start":"13:00","_activity_time_end":"13:45","_activity_date":"2023-09-23","_activity_price":"0","footnotes":""},"edition":[451],"location":[405],"track":[],"activity_type":[402],"class_list":["post-21397","activity","type-activity","status-publish","hentry","edition-pharma-forum-2023","location-salle-de-conference","activity_type-conference"],"_guests":[{"href":"https:\/\/www.pharmaforum.be\/fr\/wp-json\/wp\/v2\/guest\/21393"}],"_sponsors":[],"_cover_image":null,"_links":{"self":[{"href":"https:\/\/www.pharmaforum.be\/fr\/wp-json\/wp\/v2\/activity\/21397","targetHints":{"allow":["GET"]}}],"collection":[{"href":"https:\/\/www.pharmaforum.be\/fr\/wp-json\/wp\/v2\/activity"}],"about":[{"href":"https:\/\/www.pharmaforum.be\/fr\/wp-json\/wp\/v2\/types\/activity"}],"version-history":[{"count":3,"href":"https:\/\/www.pharmaforum.be\/fr\/wp-json\/wp\/v2\/activity\/21397\/revisions"}],"predecessor-version":[{"id":21405,"href":"https:\/\/www.pharmaforum.be\/fr\/wp-json\/wp\/v2\/activity\/21397\/revisions\/21405"}],"wp:attachment":[{"href":"https:\/\/www.pharmaforum.be\/fr\/wp-json\/wp\/v2\/media?parent=21397"}],"wp:term":[{"taxonomy":"edition","embeddable":true,"href":"https:\/\/www.pharmaforum.be\/fr\/wp-json\/wp\/v2\/edition?post=21397"},{"taxonomy":"location","embeddable":true,"href":"https:\/\/www.pharmaforum.be\/fr\/wp-json\/wp\/v2\/location?post=21397"},{"taxonomy":"track","embeddable":true,"href":"https:\/\/www.pharmaforum.be\/fr\/wp-json\/wp\/v2\/track?post=21397"},{"taxonomy":"activity_type","embeddable":true,"href":"https:\/\/www.pharmaforum.be\/fr\/wp-json\/wp\/v2\/activity_type?post=21397"}],"curies":[{"name":"wp","href":"https:\/\/api.w.org\/{rel}","templated":true}]}}