{"id":6972,"date":"2022-07-22T15:54:38","date_gmt":"2022-07-22T13:54:38","guid":{"rendered":"https:\/\/www.pharmaforum.be\/?post_type=activity&#038;p=6972"},"modified":"2022-07-22T15:54:46","modified_gmt":"2022-07-22T13:54:46","slug":"nouvelle-legislation-sur-la-repartition-des-officines","status":"publish","type":"activity","link":"https:\/\/www.pharmaforum.be\/fr\/session\/nouvelle-legislation-sur-la-repartition-des-officines\/","title":{"rendered":"Nouvelle l\u00e9gislation sur la r\u00e9partition des officines"},"content":{"rendered":"<p>Pourquoi la r\u00e9glementation sur la r\u00e9partition a-t-elle \u00e9t\u00e9 chang\u00e9e\u00a0?<\/p>\n<p>Quelles sont ces nouvelles notions\u00a0: parcelle cadastrale, autorisation d\u2019implantation, autorisation d\u2019exploitation, point g\u00e9ographique, polygone\u2026<\/p>\n<p>Qu\u2019est-ce qui a chang\u00e9 par rapport \u00e0 l\u2019ouverture, le transfert, la fusion\u00a0de pharmacies?<\/p>\n<p>Quels sont les outils mis \u00e0 la disposition des pharmaciens et de son union professionnelle pour comprendre et appliquer cette r\u00e9glementation complexe\u00a0?<\/p>\n","protected":false},"excerpt":{"rendered":"<p>Pourquoi la r\u00e9glementation sur la r\u00e9partition a-t-elle \u00e9t\u00e9 chang\u00e9e\u00a0?<\/p>\n<p>Quelles sont ces nouvelles notions\u00a0: parcelle cadastrale, autorisation d\u2019implantation, autorisation d\u2019exploitation, point g\u00e9ographique, polygone\u2026<\/p>\n<p>Qu\u2019est-ce qui a chang\u00e9 par rapport \u00e0 l\u2019ouverture, le transfert, la fusion\u00a0de pharmacies?<\/p>\n<p>Quels sont les outils mis \u00e0 la disposition des pharmaciens et de son union professionnelle pour comprendre et appliquer cette r\u00e9glementation complexe\u00a0?<\/p>\n","protected":false},"featured_media":0,"template":"","meta":{"_seopress_robots_primary_cat":"","_seopress_titles_title":"Nouvelle l\u00e9gislation sur la r\u00e9partition des officines - Pharma forum","_seopress_titles_desc":"Pourquoi la r\u00e9glementation sur la r\u00e9partition a-t-elle \u00e9t\u00e9 chang\u00e9e ?\r\nQuelles sont ces nouvelles notions : parcelle cadastrale, autorisation d\u2019implantation, autorisation d\u2019exploitation, point g\u00e9ographique, polygone\u2026\r\nQu\u2019est-ce qui a chang\u00e9 par rapport \u00e0 l\u2019ouverture, le transfert, la fusion de pharmacies?\r\nQuels sont les outils mis \u00e0 la disposition des pharmaciens et de son union professionnelle pour comprendre et appliquer cette r\u00e9glementation complexe ?","_seopress_robots_index":"","_activity_time_start":"11:30","_activity_time_end":"12:15","_activity_date":"2022-09-25","_activity_price":"0","footnotes":""},"edition":[],"location":[407],"track":[],"activity_type":[403,401],"class_list":["post-6972","activity","type-activity","status-publish","hentry","location-salle-datelier","activity_type-atelier","activity_type-dimanche-24-septembre"],"_guests":[{"href":"https:\/\/www.pharmaforum.be\/fr\/wp-json\/wp\/v2\/guest\/5833"}],"_sponsors":[],"_cover_image":{"href":"https:\/\/www.pharmaforum.be\/fr\/wp-json\/wp\/v2\/media\/1791"},"_links":{"self":[{"href":"https:\/\/www.pharmaforum.be\/fr\/wp-json\/wp\/v2\/activity\/6972","targetHints":{"allow":["GET"]}}],"collection":[{"href":"https:\/\/www.pharmaforum.be\/fr\/wp-json\/wp\/v2\/activity"}],"about":[{"href":"https:\/\/www.pharmaforum.be\/fr\/wp-json\/wp\/v2\/types\/activity"}],"version-history":[{"count":1,"href":"https:\/\/www.pharmaforum.be\/fr\/wp-json\/wp\/v2\/activity\/6972\/revisions"}],"predecessor-version":[{"id":6974,"href":"https:\/\/www.pharmaforum.be\/fr\/wp-json\/wp\/v2\/activity\/6972\/revisions\/6974"}],"wp:attachment":[{"href":"https:\/\/www.pharmaforum.be\/fr\/wp-json\/wp\/v2\/media?parent=6972"}],"wp:term":[{"taxonomy":"edition","embeddable":true,"href":"https:\/\/www.pharmaforum.be\/fr\/wp-json\/wp\/v2\/edition?post=6972"},{"taxonomy":"location","embeddable":true,"href":"https:\/\/www.pharmaforum.be\/fr\/wp-json\/wp\/v2\/location?post=6972"},{"taxonomy":"track","embeddable":true,"href":"https:\/\/www.pharmaforum.be\/fr\/wp-json\/wp\/v2\/track?post=6972"},{"taxonomy":"activity_type","embeddable":true,"href":"https:\/\/www.pharmaforum.be\/fr\/wp-json\/wp\/v2\/activity_type?post=6972"}],"curies":[{"name":"wp","href":"https:\/\/api.w.org\/{rel}","templated":true}]}}