{"id":6975,"date":"2022-07-22T15:56:50","date_gmt":"2022-07-22T13:56:50","guid":{"rendered":"https:\/\/www.pharmaforum.be\/?post_type=activity&#038;p=6975"},"modified":"2022-07-22T15:57:11","modified_gmt":"2022-07-22T13:57:11","slug":"%e2%9c%94%ef%b8%8f-revue-de-la-medication-2","status":"publish","type":"activity","link":"https:\/\/www.pharmaforum.be\/fr\/session\/%e2%9c%94%ef%b8%8f-revue-de-la-medication-2\/","title":{"rendered":"\u2714\ufe0f Revue de la m\u00e9dication"},"content":{"rendered":"<p>La revue de m\u00e9dication est le prochain service rembours\u00e9 dans les pharmacies belges. Oui comment s\u2019y pr\u00e9parer, quels sont les outils de support et comment faire en pratique\u00a0?<\/p>\n<p>Les formateurs de la SSPF vous propose un petit atelier pratique<\/p>\n<p><strong>Formation accr\u00e9dit\u00e9e<\/strong><\/p>\n","protected":false},"excerpt":{"rendered":"<p>La revue de m\u00e9dication est le prochain service rembours\u00e9 dans les pharmacies belges. Oui comment s\u2019y pr\u00e9parer, quels sont les outils de support et comment faire en pratique\u00a0?<\/p>\n<p>Les formateurs de la SSPF vous propose un petit atelier pratique<\/p>\n<p><strong>Formation accr\u00e9dit\u00e9e<\/strong><\/p>\n","protected":false},"featured_media":0,"template":"","meta":{"_seopress_robots_primary_cat":"","_seopress_titles_title":"Revue de la m\u00e9dication - Pharma forum","_seopress_titles_desc":"La revue de m\u00e9dication est le prochain service rembours\u00e9 dans les pharmacies belges. Oui comment s\u2019y pr\u00e9parer, quels sont les outils de support et comment faire en pratique ?\r\nLes formateurs de la SSPF vous propose un petit atelier pratique\r\nFormation accr\u00e9dit\u00e9e","_seopress_robots_index":"","_activity_time_start":"13:30","_activity_time_end":"14:15","_activity_date":"2022-09-25","_activity_price":"0","footnotes":""},"edition":[],"location":[407],"track":[],"activity_type":[403,401,404],"class_list":["post-6975","activity","type-activity","status-publish","hentry","location-salle-datelier","activity_type-atelier","activity_type-dimanche-24-septembre","activity_type-formation-accreditee"],"_guests":[{"href":"https:\/\/www.pharmaforum.be\/fr\/wp-json\/wp\/v2\/guest\/5849"}],"_sponsors":[],"_cover_image":{"href":"https:\/\/www.pharmaforum.be\/fr\/wp-json\/wp\/v2\/media\/5851"},"_links":{"self":[{"href":"https:\/\/www.pharmaforum.be\/fr\/wp-json\/wp\/v2\/activity\/6975","targetHints":{"allow":["GET"]}}],"collection":[{"href":"https:\/\/www.pharmaforum.be\/fr\/wp-json\/wp\/v2\/activity"}],"about":[{"href":"https:\/\/www.pharmaforum.be\/fr\/wp-json\/wp\/v2\/types\/activity"}],"version-history":[{"count":1,"href":"https:\/\/www.pharmaforum.be\/fr\/wp-json\/wp\/v2\/activity\/6975\/revisions"}],"predecessor-version":[{"id":6977,"href":"https:\/\/www.pharmaforum.be\/fr\/wp-json\/wp\/v2\/activity\/6975\/revisions\/6977"}],"wp:attachment":[{"href":"https:\/\/www.pharmaforum.be\/fr\/wp-json\/wp\/v2\/media?parent=6975"}],"wp:term":[{"taxonomy":"edition","embeddable":true,"href":"https:\/\/www.pharmaforum.be\/fr\/wp-json\/wp\/v2\/edition?post=6975"},{"taxonomy":"location","embeddable":true,"href":"https:\/\/www.pharmaforum.be\/fr\/wp-json\/wp\/v2\/location?post=6975"},{"taxonomy":"track","embeddable":true,"href":"https:\/\/www.pharmaforum.be\/fr\/wp-json\/wp\/v2\/track?post=6975"},{"taxonomy":"activity_type","embeddable":true,"href":"https:\/\/www.pharmaforum.be\/fr\/wp-json\/wp\/v2\/activity_type?post=6975"}],"curies":[{"name":"wp","href":"https:\/\/api.w.org\/{rel}","templated":true}]}}