{"id":7355,"date":"2022-07-28T16:15:59","date_gmt":"2022-07-28T14:15:59","guid":{"rendered":"https:\/\/www.pharmaforum.be\/?post_type=activity&#038;p=7355"},"modified":"2022-07-28T16:16:29","modified_gmt":"2022-07-28T14:16:29","slug":"%e2%9c%94%ef%b8%8f-rendre-ma-pharmacie-accessible-a-tous-un-defi-a-ma-portee","status":"publish","type":"activity","link":"https:\/\/www.pharmaforum.be\/fr\/session\/%e2%9c%94%ef%b8%8f-rendre-ma-pharmacie-accessible-a-tous-un-defi-a-ma-portee\/","title":{"rendered":"\u2714\ufe0f Rendre ma pharmacie accessible \u00e0 tous : un d\u00e9fi \u00e0 ma port\u00e9e !"},"content":{"rendered":"<p>Nul n\u2019ignore plus le ph\u00e9nom\u00e8ne du vieillissement de la population. Le bureau du plan annonce une augmentation de la proportion des personnes de plus de 65 ans tr\u00e8s importante, passant de 19 % maintenant \u00e0 plus de 27 % dans 50 ans. En outre, environ 40 % de la population \u00e9prouve des difficult\u00e9s \u00e0 se d\u00e9placer et est confront\u00e9e \u00e0 des obstacles en termes d\u2019accessibilit\u00e9. Ce public n\u00e9cessitant plus de soins et d\u2019attention, est un public \u00ab consommateur \u00bb d\u2019accessibilit\u00e9. Mais, qui est exactement ce public, quels sont ses besoins en mati\u00e8re de mobilit\u00e9, comment l\u2019accueillir au mieux, quels am\u00e9nagements faudrait-il pr\u00e9voir ?<\/p>\n<p>Partant du principe que plus d\u2019accessibilit\u00e9, c\u2019est plus de confort et de s\u00e9curit\u00e9, cette conf\u00e9rence r\u00e9pondra de fa\u00e7on simple et didactique aux questions pos\u00e9es.<\/p>\n<p><strong>Formation accr\u00e9dit\u00e9e<\/strong><\/p>\n","protected":false},"excerpt":{"rendered":"<p>Nul n\u2019ignore plus le ph\u00e9nom\u00e8ne du vieillissement de la population. Le bureau du plan annonce une augmentation de la proportion des personnes de plus de 65 ans tr\u00e8s importante, passant de 19 % maintenant \u00e0 plus de 27 % dans 50 ans. En outre, environ 40 % de la population \u00e9prouve des difficult\u00e9s \u00e0 se d\u00e9placer et est confront\u00e9e \u00e0 des obstacles en termes d\u2019accessibilit\u00e9. Ce public n\u00e9cessitant plus de soins et d\u2019attention, est un public \u00ab consommateur \u00bb d\u2019accessibilit\u00e9. Mais, qui est exactement ce public, quels sont ses besoins en mati\u00e8re de mobilit\u00e9, comment l\u2019accueillir au mieux, quels am\u00e9nagements faudrait-il pr\u00e9voir ?<\/p>\n","protected":false},"featured_media":0,"template":"","meta":{"_seopress_robots_primary_cat":"","_seopress_titles_title":"Rendre ma pharmacie accessible \u00e0 tous - Pharma forum","_seopress_titles_desc":"Nul n\u2019ignore plus le ph\u00e9nom\u00e8ne du vieillissement de la population. Le bureau du plan annonce une augmentation de la proportion des personnes de plus de 65 ans tr\u00e8s importante, passant de 19 % maintenant \u00e0 plus de 27 % dans 50 ans. En outre, environ 40 % de la population \u00e9prouve des difficult\u00e9s \u00e0 se d\u00e9placer et est confront\u00e9e \u00e0 des obstacles en termes d\u2019accessibilit\u00e9. Ce public n\u00e9cessitant plus de soins et d\u2019attention, est un public \u00ab consommateur \u00bb d\u2019accessibilit\u00e9. Mais, qui est exactement ce public, quels sont ses besoins en mati\u00e8re de mobilit\u00e9, comment l\u2019accueillir au mieux, quels am\u00e9nagements faudrait-il pr\u00e9voir ?","_seopress_robots_index":"","_activity_time_start":"16:30","_activity_time_end":"17:15","_activity_date":"2022-09-24","_activity_price":"0","footnotes":""},"edition":[],"location":[405],"track":[],"activity_type":[402,404,400],"class_list":["post-7355","activity","type-activity","status-publish","hentry","location-salle-de-conference","activity_type-conference","activity_type-formation-accreditee","activity_type-samedi-23-septembre"],"_guests":[{"href":"https:\/\/www.pharmaforum.be\/fr\/wp-json\/wp\/v2\/guest\/7332"}],"_sponsors":[],"_cover_image":{"href":"https:\/\/www.pharmaforum.be\/fr\/wp-json\/wp\/v2\/media\/7313"},"_links":{"self":[{"href":"https:\/\/www.pharmaforum.be\/fr\/wp-json\/wp\/v2\/activity\/7355","targetHints":{"allow":["GET"]}}],"collection":[{"href":"https:\/\/www.pharmaforum.be\/fr\/wp-json\/wp\/v2\/activity"}],"about":[{"href":"https:\/\/www.pharmaforum.be\/fr\/wp-json\/wp\/v2\/types\/activity"}],"version-history":[{"count":1,"href":"https:\/\/www.pharmaforum.be\/fr\/wp-json\/wp\/v2\/activity\/7355\/revisions"}],"predecessor-version":[{"id":7357,"href":"https:\/\/www.pharmaforum.be\/fr\/wp-json\/wp\/v2\/activity\/7355\/revisions\/7357"}],"wp:attachment":[{"href":"https:\/\/www.pharmaforum.be\/fr\/wp-json\/wp\/v2\/media?parent=7355"}],"wp:term":[{"taxonomy":"edition","embeddable":true,"href":"https:\/\/www.pharmaforum.be\/fr\/wp-json\/wp\/v2\/edition?post=7355"},{"taxonomy":"location","embeddable":true,"href":"https:\/\/www.pharmaforum.be\/fr\/wp-json\/wp\/v2\/location?post=7355"},{"taxonomy":"track","embeddable":true,"href":"https:\/\/www.pharmaforum.be\/fr\/wp-json\/wp\/v2\/track?post=7355"},{"taxonomy":"activity_type","embeddable":true,"href":"https:\/\/www.pharmaforum.be\/fr\/wp-json\/wp\/v2\/activity_type?post=7355"}],"curies":[{"name":"wp","href":"https:\/\/api.w.org\/{rel}","templated":true}]}}