{"id":9692,"date":"2022-08-31T16:41:12","date_gmt":"2022-08-31T14:41:12","guid":{"rendered":"https:\/\/www.pharmaforum.be\/?post_type=activity&#038;p=9692"},"modified":"2022-09-20T15:33:47","modified_gmt":"2022-09-20T13:33:47","slug":"les-minutes-start-up","status":"publish","type":"activity","link":"https:\/\/www.pharmaforum.be\/fr\/session\/les-minutes-start-up\/","title":{"rendered":"Les minutes Start-up"},"content":{"rendered":"<p>Le \u00ab Village des start-up \u00bb de Pharma forum accueillera une quinzaine de start-up qui auront ainsi l\u2019occasion de mettre en lumi\u00e8re leurs concepts, parfois surprenants et de nature \u00e0 attiser la curiosit\u00e9 tant des visiteurs que des exposants. Lors de cette s\u00e9quence \u2018Les minutes start-up\u2019, chaque start-up aura la possibilit\u00e9 de pr\u00e9senter son concept en 2 minutes et donner ainsi aux visiteurs un aper\u00e7u des projets novateurs en d\u00e9veloppement pour le march\u00e9 pharmaceutique.<\/p>\n<p>La liste des start-up :<\/p>\n<p><a href=\"https:\/\/www.cbxmedical.com\/\">CBX Medical<\/a><br \/>\n<a href=\"https:\/\/bellavie.be\/fr_FR\">Bellavie<\/a><br \/>\n<a href=\"https:\/\/www.indigene.be\/\">Indigene<\/a><br \/>\n<a href=\"https:\/\/cbfmedical.be\/\">CBF Medical<\/a><br \/>\n<a href=\"https:\/\/www.maisoneole.com\/\">Maison \u00c9ole<\/a><br \/>\n<a href=\"https:\/\/www.washwashcousin.be\/\">Wash Wash Cousin<\/a><br \/>\n<a href=\"https:\/\/www.bnasante.com\/\">BNA Sant\u00e9<\/a><br \/>\n<a href=\"https:\/\/nyjila.com\/\">Nyjila<\/a><br \/>\n<a href=\"https:\/\/farmada.be\/\">Farmada<\/a><br \/>\n<a href=\"https:\/\/www.biowink.be\/fr\">Biowink SC<\/a><br \/>\n<a href=\"https:\/\/lepivits.be\/fr\/\">Lepivits<\/a><br \/>\n<a href=\"http:\/\/pharmap.be\/\">4K SERVICES BELGIUM SRL<\/a><br \/>\n<a href=\"https:\/\/alinessence.be\/\">Alinessence<\/a><br \/>\n<a href=\"https:\/\/www.seekandcare.com\/fr_BE\/\">SEEKANDCARE<\/a><br \/>\n<a href=\"https:\/\/www.helocosmetics.com\/\">HELo Cosmetics<\/a><br \/>\n<a href=\"https:\/\/www.illocare.be\/\">Illocare<\/a><br \/>\n<a href=\"https:\/\/deherborist.eu\/\">De Herborist<\/a><\/p>\n","protected":false},"excerpt":{"rendered":"<p>Le \u00ab Village des start-up \u00bb de Pharma forum accueillera une quinzaine de start-up qui auront ainsi l\u2019occasion de mettre en lumi\u00e8re leurs concepts, parfois surprenants et de nature \u00e0 attiser la curiosit\u00e9 tant des visiteurs que des exposants. Lors de cette s\u00e9quence \u2018Les minutes start-up\u2019, chaque start-up aura la possibilit\u00e9 de pr\u00e9senter son concept en 2 minutes et donner ainsi aux visiteurs un aper\u00e7u des projets novateurs en d\u00e9veloppement pour le march\u00e9 pharmaceutique.<\/p>\n","protected":false},"featured_media":0,"template":"","meta":{"_seopress_robots_primary_cat":"","_seopress_titles_title":"Les minutes Start-up - Pharma forum","_seopress_titles_desc":"Le \u00ab Village des start-up \u00bb de Pharma forum accueillera une quinzaine de start-up qui auront ainsi l\u2019occasion de mettre en lumi\u00e8re leurs concepts, parfois surprenants et de nature \u00e0 attiser la curiosit\u00e9 tant des visiteurs que des exposants. Lors de cette s\u00e9quence \u2018Les minutes start-up\u2019, chaque start-up aura la possibilit\u00e9 de pr\u00e9senter son concept en 2 minutes et donner ainsi aux visiteurs un aper\u00e7u des projets novateurs en d\u00e9veloppement pour le march\u00e9 pharmaceutique.","_seopress_robots_index":"","_activity_time_start":"17:15","_activity_time_end":"18:30","_activity_date":"2022-09-24","_activity_price":"0","footnotes":""},"edition":[],"location":[406],"track":[],"activity_type":[402,400],"class_list":["post-9692","activity","type-activity","status-publish","hentry","location-salle-de-conference-2","activity_type-conference","activity_type-samedi-23-septembre"],"_guests":[{"href":"https:\/\/www.pharmaforum.be\/fr\/wp-json\/wp\/v2\/guest\/10000"}],"_sponsors":[],"_cover_image":{"href":"https:\/\/www.pharmaforum.be\/fr\/wp-json\/wp\/v2\/media\/9674"},"_links":{"self":[{"href":"https:\/\/www.pharmaforum.be\/fr\/wp-json\/wp\/v2\/activity\/9692","targetHints":{"allow":["GET"]}}],"collection":[{"href":"https:\/\/www.pharmaforum.be\/fr\/wp-json\/wp\/v2\/activity"}],"about":[{"href":"https:\/\/www.pharmaforum.be\/fr\/wp-json\/wp\/v2\/types\/activity"}],"version-history":[{"count":2,"href":"https:\/\/www.pharmaforum.be\/fr\/wp-json\/wp\/v2\/activity\/9692\/revisions"}],"predecessor-version":[{"id":9695,"href":"https:\/\/www.pharmaforum.be\/fr\/wp-json\/wp\/v2\/activity\/9692\/revisions\/9695"}],"wp:attachment":[{"href":"https:\/\/www.pharmaforum.be\/fr\/wp-json\/wp\/v2\/media?parent=9692"}],"wp:term":[{"taxonomy":"edition","embeddable":true,"href":"https:\/\/www.pharmaforum.be\/fr\/wp-json\/wp\/v2\/edition?post=9692"},{"taxonomy":"location","embeddable":true,"href":"https:\/\/www.pharmaforum.be\/fr\/wp-json\/wp\/v2\/location?post=9692"},{"taxonomy":"track","embeddable":true,"href":"https:\/\/www.pharmaforum.be\/fr\/wp-json\/wp\/v2\/track?post=9692"},{"taxonomy":"activity_type","embeddable":true,"href":"https:\/\/www.pharmaforum.be\/fr\/wp-json\/wp\/v2\/activity_type?post=9692"}],"curies":[{"name":"wp","href":"https:\/\/api.w.org\/{rel}","templated":true}]}}