{"id":15854,"date":"2023-03-14T18:19:07","date_gmt":"2023-03-14T17:19:07","guid":{"rendered":"https:\/\/www.pharmaforum.be\/exhibitor\/cent-pur-cent-2\/"},"modified":"2023-09-21T14:59:41","modified_gmt":"2023-09-21T12:59:41","slug":"cent-pur-cent","status":"publish","type":"exhibitor","link":"https:\/\/www.pharmaforum.be\/fr\/exhibitor\/cent-pur-cent\/","title":{"rendered":"Cent pur Cent"},"content":{"rendered":"<p>Cent Pur Cent est la marque de maquillage min\u00e9rale belge cr\u00e9\u00e9e par Caroline Rigo. Nous proposons des produits simples, sains et responsables qui vous procurent un sentiment de bonheur imm\u00e9diat. Du maquillage pour chaque type de peau, pour chaque femme ! Chez Cent Pur Cent, nous nous effor\u00e7ons d&#8217;\u00eatre aussi naturels que possible, c&#8217;est pourquoi chaque produit ne contient que ce qui est n\u00e9cessaire pour atteindre son objectif. Nous utilisons donc des mati\u00e8res premi\u00e8res aussi pures que possible.<\/p>\n","protected":false},"excerpt":{"rendered":"<p>Cent Pur Cent est la marque de maquillage min\u00e9rale belge cr\u00e9\u00e9e par Caroline Rigo. Nous proposons des produits simples, sains et responsables qui vous procurent un sentiment de bonheur imm\u00e9diat. Du maquillage pour chaque type de peau, pour chaque femme ! Chez Cent Pur Cent, nous nous effor\u00e7ons d&#8217;\u00eatre aussi naturels que possible, c&#8217;est pourquoi [&hellip;]<\/p>\n","protected":false},"featured_media":21809,"template":"","meta":{"_seopress_robots_primary_cat":"","_seopress_titles_title":"","_seopress_titles_desc":"","_seopress_robots_index":"","_api_id":"151715","_stand_number":"1014","_partner_id":"3inysaoylvyig","_package_code":"00-EASY-EASYGO25-200","_website":"https:\/\/www.centpurcent.com","_email":"gilles@rigorgeous.com","_facebook":"https:\/\/www.facebook.com\/centpurcent","_linkedin":"https:\/\/www.linkedin.com\/company\/centpurcent\/?originalSubdomain=be","_twitter":"","_instagram":"https:\/\/www.instagram.com\/centpurcent_official\/","_zipcode":"3500","_town":"Hasselt","_video_banner":"","_floorplan_url":"","footnotes":""},"edition":[451],"country":[41],"exhibitor-category":[496],"class_list":["post-15854","exhibitor","type-exhibitor","status-publish","has-post-thumbnail","hentry","edition-pharma-forum-2023","country-be","exhibitor-category-dermocosmetiques-16349"],"_logo":21807,"_cover_image":null,"_thumbnail_id":21809,"_products":[{"href":"https:\/\/www.pharmaforum.be\/fr\/wp-json\/wp\/v2\/products\/20511"}],"_news":[],"_jobs":[],"_links":{"self":[{"href":"https:\/\/www.pharmaforum.be\/fr\/wp-json\/wp\/v2\/exhibitor\/15854","targetHints":{"allow":["GET"]}}],"collection":[{"href":"https:\/\/www.pharmaforum.be\/fr\/wp-json\/wp\/v2\/exhibitor"}],"about":[{"href":"https:\/\/www.pharmaforum.be\/fr\/wp-json\/wp\/v2\/types\/exhibitor"}],"version-history":[{"count":2,"href":"https:\/\/www.pharmaforum.be\/fr\/wp-json\/wp\/v2\/exhibitor\/15854\/revisions"}],"predecessor-version":[{"id":20509,"href":"https:\/\/www.pharmaforum.be\/fr\/wp-json\/wp\/v2\/exhibitor\/15854\/revisions\/20509"}],"wp:featuredmedia":[{"embeddable":true,"href":"https:\/\/www.pharmaforum.be\/fr\/wp-json\/wp\/v2\/media\/21809"}],"wp:attachment":[{"href":"https:\/\/www.pharmaforum.be\/fr\/wp-json\/wp\/v2\/media?parent=15854"}],"wp:term":[{"taxonomy":"edition","embeddable":true,"href":"https:\/\/www.pharmaforum.be\/fr\/wp-json\/wp\/v2\/edition?post=15854"},{"taxonomy":"country","embeddable":true,"href":"https:\/\/www.pharmaforum.be\/fr\/wp-json\/wp\/v2\/country?post=15854"},{"taxonomy":"exhibitor-category","embeddable":true,"href":"https:\/\/www.pharmaforum.be\/fr\/wp-json\/wp\/v2\/exhibitor-category?post=15854"}],"curies":[{"name":"wp","href":"https:\/\/api.w.org\/{rel}","templated":true}]}}