{"id":15894,"date":"2023-03-14T18:19:34","date_gmt":"2023-03-14T17:19:34","guid":{"rendered":"https:\/\/www.pharmaforum.be\/exhibitor\/solidpharma-2\/"},"modified":"2023-08-23T14:46:31","modified_gmt":"2023-08-23T12:46:31","slug":"solidpharma","status":"publish","type":"exhibitor","link":"https:\/\/www.pharmaforum.be\/fr\/exhibitor\/solidpharma\/","title":{"rendered":"Solidpharma"},"content":{"rendered":"<p>Solidpharma am\u00e9liore votre qualit\u00e9 de vie au quotidien en proposant des compl\u00e9ments de haute qualit\u00e9.<br \/>\nChez Solidpharma, nous nous effor\u00e7ons continuellement de nous am\u00e9liorer. Nos compl\u00e9ments alimentaires sont fabriqu\u00e9s sous une l\u00e9gislation belge stricte. Parce que cette l\u00e9gislation est l\u2019une des plus strictes d\u2019Europe, les produits sont d\u2019un niveau de qualit\u00e9 tr\u00e8s \u00e9lev\u00e9 et constant.<br \/>\nEn \u00e9troite collaboration avec le pharmacien et le m\u00e9decin, Solidpharma vous garantit une excellente gamme de produits de sant\u00e9. Une gamme PURE claire et reconnaissable va de pair avec un rapport qualit\u00e9-prix correct.<br \/>\nLa gamme PURE est disponible uniquement en pharmacie.<\/p>\n","protected":false},"excerpt":{"rendered":"<p>Solidpharma am\u00e9liore votre qualit\u00e9 de vie au quotidien en proposant des compl\u00e9ments de haute qualit\u00e9. Chez Solidpharma, nous nous effor\u00e7ons continuellement de nous am\u00e9liorer. Nos compl\u00e9ments alimentaires sont fabriqu\u00e9s sous une l\u00e9gislation belge stricte. Parce que cette l\u00e9gislation est l\u2019une des plus strictes d\u2019Europe, les produits sont d\u2019un niveau de qualit\u00e9 tr\u00e8s \u00e9lev\u00e9 et constant. [&hellip;]<\/p>\n","protected":false},"featured_media":0,"template":"","meta":{"_seopress_robots_primary_cat":"","_seopress_titles_title":"","_seopress_titles_desc":"","_seopress_robots_index":"","_api_id":"141117","_stand_number":"1121","_partner_id":"1ocu5p4qyxa6s","_package_code":"00-EASY-EASYGO25-200","_website":"https:\/\/www.solidpharma.be","_email":"barbarasaverys@solidpharma.be","_facebook":"","_linkedin":"","_twitter":"","_instagram":"","_zipcode":"9052","_town":"Zwijnaarde","_video_banner":"","_floorplan_url":"","footnotes":""},"edition":[451],"country":[41],"exhibitor-category":[460],"class_list":["post-15894","exhibitor","type-exhibitor","status-publish","hentry","edition-pharma-forum-2023","country-be","exhibitor-category-complements-alimentaires-16315"],"_logo":20577,"_cover_image":null,"_thumbnail_id":null,"_products":[{"href":"https:\/\/www.pharmaforum.be\/fr\/wp-json\/wp\/v2\/products\/20738"},{"href":"https:\/\/www.pharmaforum.be\/fr\/wp-json\/wp\/v2\/products\/20730"},{"href":"https:\/\/www.pharmaforum.be\/fr\/wp-json\/wp\/v2\/products\/20722"},{"href":"https:\/\/www.pharmaforum.be\/fr\/wp-json\/wp\/v2\/products\/20714"},{"href":"https:\/\/www.pharmaforum.be\/fr\/wp-json\/wp\/v2\/products\/20706"},{"href":"https:\/\/www.pharmaforum.be\/fr\/wp-json\/wp\/v2\/products\/20698"},{"href":"https:\/\/www.pharmaforum.be\/fr\/wp-json\/wp\/v2\/products\/20690"},{"href":"https:\/\/www.pharmaforum.be\/fr\/wp-json\/wp\/v2\/products\/20682"},{"href":"https:\/\/www.pharmaforum.be\/fr\/wp-json\/wp\/v2\/products\/20674"},{"href":"https:\/\/www.pharmaforum.be\/fr\/wp-json\/wp\/v2\/products\/20647"},{"href":"https:\/\/www.pharmaforum.be\/fr\/wp-json\/wp\/v2\/products\/20629"},{"href":"https:\/\/www.pharmaforum.be\/fr\/wp-json\/wp\/v2\/products\/20627"},{"href":"https:\/\/www.pharmaforum.be\/fr\/wp-json\/wp\/v2\/products\/20625"},{"href":"https:\/\/www.pharmaforum.be\/fr\/wp-json\/wp\/v2\/products\/20623"},{"href":"https:\/\/www.pharmaforum.be\/fr\/wp-json\/wp\/v2\/products\/20619"},{"href":"https:\/\/www.pharmaforum.be\/fr\/wp-json\/wp\/v2\/products\/20621"},{"href":"https:\/\/www.pharmaforum.be\/fr\/wp-json\/wp\/v2\/products\/20615"},{"href":"https:\/\/www.pharmaforum.be\/fr\/wp-json\/wp\/v2\/products\/20617"},{"href":"https:\/\/www.pharmaforum.be\/fr\/wp-json\/wp\/v2\/products\/20611"},{"href":"https:\/\/www.pharmaforum.be\/fr\/wp-json\/wp\/v2\/products\/20613"},{"href":"https:\/\/www.pharmaforum.be\/fr\/wp-json\/wp\/v2\/products\/20607"},{"href":"https:\/\/www.pharmaforum.be\/fr\/wp-json\/wp\/v2\/products\/20609"},{"href":"https:\/\/www.pharmaforum.be\/fr\/wp-json\/wp\/v2\/products\/20603"},{"href":"https:\/\/www.pharmaforum.be\/fr\/wp-json\/wp\/v2\/products\/20605"},{"href":"https:\/\/www.pharmaforum.be\/fr\/wp-json\/wp\/v2\/products\/20597"},{"href":"https:\/\/www.pharmaforum.be\/fr\/wp-json\/wp\/v2\/products\/20599"},{"href":"https:\/\/www.pharmaforum.be\/fr\/wp-json\/wp\/v2\/products\/20601"},{"href":"https:\/\/www.pharmaforum.be\/fr\/wp-json\/wp\/v2\/products\/20593"},{"href":"https:\/\/www.pharmaforum.be\/fr\/wp-json\/wp\/v2\/products\/20595"},{"href":"https:\/\/www.pharmaforum.be\/fr\/wp-json\/wp\/v2\/products\/20589"},{"href":"https:\/\/www.pharmaforum.be\/fr\/wp-json\/wp\/v2\/products\/20591"},{"href":"https:\/\/www.pharmaforum.be\/fr\/wp-json\/wp\/v2\/products\/20583"},{"href":"https:\/\/www.pharmaforum.be\/fr\/wp-json\/wp\/v2\/products\/20585"},{"href":"https:\/\/www.pharmaforum.be\/fr\/wp-json\/wp\/v2\/products\/20587"},{"href":"https:\/\/www.pharmaforum.be\/fr\/wp-json\/wp\/v2\/products\/20579"},{"href":"https:\/\/www.pharmaforum.be\/fr\/wp-json\/wp\/v2\/products\/20581"}],"_news":[{"href":"https:\/\/www.pharmaforum.be\/fr\/wp-json\/wp\/v2\/news\/20746"}],"_jobs":[],"_links":{"self":[{"href":"https:\/\/www.pharmaforum.be\/fr\/wp-json\/wp\/v2\/exhibitor\/15894","targetHints":{"allow":["GET"]}}],"collection":[{"href":"https:\/\/www.pharmaforum.be\/fr\/wp-json\/wp\/v2\/exhibitor"}],"about":[{"href":"https:\/\/www.pharmaforum.be\/fr\/wp-json\/wp\/v2\/types\/exhibitor"}],"version-history":[{"count":2,"href":"https:\/\/www.pharmaforum.be\/fr\/wp-json\/wp\/v2\/exhibitor\/15894\/revisions"}],"predecessor-version":[{"id":20575,"href":"https:\/\/www.pharmaforum.be\/fr\/wp-json\/wp\/v2\/exhibitor\/15894\/revisions\/20575"}],"wp:attachment":[{"href":"https:\/\/www.pharmaforum.be\/fr\/wp-json\/wp\/v2\/media?parent=15894"}],"wp:term":[{"taxonomy":"edition","embeddable":true,"href":"https:\/\/www.pharmaforum.be\/fr\/wp-json\/wp\/v2\/edition?post=15894"},{"taxonomy":"country","embeddable":true,"href":"https:\/\/www.pharmaforum.be\/fr\/wp-json\/wp\/v2\/country?post=15894"},{"taxonomy":"exhibitor-category","embeddable":true,"href":"https:\/\/www.pharmaforum.be\/fr\/wp-json\/wp\/v2\/exhibitor-category?post=15894"}],"curies":[{"name":"wp","href":"https:\/\/api.w.org\/{rel}","templated":true}]}}