{"id":16866,"date":"2023-04-20T15:50:24","date_gmt":"2023-04-20T13:50:24","guid":{"rendered":"https:\/\/www.pharmaforum.be\/exhibitor\/laboratoire-equi-nutri\/"},"modified":"2023-07-11T14:57:39","modified_gmt":"2023-07-11T12:57:39","slug":"laboratoire-equi-nutri","status":"publish","type":"exhibitor","link":"https:\/\/www.pharmaforum.be\/fr\/exhibitor\/laboratoire-equi-nutri\/","title":{"rendered":"Laboratoire Equi-Nutri"},"content":{"rendered":"<p>Depuis 30 ans Equi-Nutri, laboratoire wallon install\u00e9 \u00e0 Wellin, en Province du Luxembourg,  d\u00e9veloppe et fabrique des compl\u00e9ments nutritionnels de premi\u00e8re qualit\u00e9 en privil\u00e9giant les dosages r\u00e9ellement efficaces dans le respect de la l\u00e9gislation en vigueur. Nous proposons des solutions de sant\u00e9 globale en Gemmoth\u00e9rapie en association avec la Nutrith\u00e9rapie et Phytoth\u00e9rapie. Un concept unique sur le secteur du compl\u00e9ment alimentaire.<\/p>\n","protected":false},"excerpt":{"rendered":"<p>Depuis 30 ans Equi-Nutri, laboratoire wallon install\u00e9 \u00e0 Wellin, en Province du Luxembourg, d\u00e9veloppe et fabrique des compl\u00e9ments nutritionnels de premi\u00e8re qualit\u00e9 en privil\u00e9giant les dosages r\u00e9ellement efficaces dans le respect de la l\u00e9gislation en vigueur. Nous proposons des solutions de sant\u00e9 globale en Gemmoth\u00e9rapie en association avec la Nutrith\u00e9rapie et Phytoth\u00e9rapie. Un concept unique [&hellip;]<\/p>\n","protected":false},"featured_media":18180,"template":"","meta":{"_seopress_robots_primary_cat":"","_seopress_titles_title":"","_seopress_titles_desc":"","_seopress_robots_index":"","_api_id":"159122","_stand_number":"1228","_partner_id":"2wpsr4r14bojt","_package_code":"00-EASY-EASYGO25-200","_website":"https:\/\/www.equi-nutri.be\/","_email":"contact@equi-nutri.be","_facebook":"https:\/\/www.facebook.com\/EquiNutriBe\/?ref=hl","_linkedin":"https:\/\/www.linkedin.com\/company\/equinutri\/","_twitter":"","_instagram":"","_zipcode":"6922","_town":"Wellin (Halma)","_video_banner":"","_floorplan_url":"","footnotes":""},"edition":[451],"country":[41],"exhibitor-category":[460,460],"class_list":["post-16866","exhibitor","type-exhibitor","status-publish","has-post-thumbnail","hentry","edition-pharma-forum-2023","country-be","exhibitor-category-complements-alimentaires-16315"],"_logo":17057,"_cover_image":null,"_thumbnail_id":18180,"_products":[{"href":"https:\/\/www.pharmaforum.be\/fr\/wp-json\/wp\/v2\/products\/19818"},{"href":"https:\/\/www.pharmaforum.be\/fr\/wp-json\/wp\/v2\/products\/19807"},{"href":"https:\/\/www.pharmaforum.be\/fr\/wp-json\/wp\/v2\/products\/19801"},{"href":"https:\/\/www.pharmaforum.be\/fr\/wp-json\/wp\/v2\/products\/19792"},{"href":"https:\/\/www.pharmaforum.be\/fr\/wp-json\/wp\/v2\/products\/19778"},{"href":"https:\/\/www.pharmaforum.be\/fr\/wp-json\/wp\/v2\/products\/17840"},{"href":"https:\/\/www.pharmaforum.be\/fr\/wp-json\/wp\/v2\/products\/17829"},{"href":"https:\/\/www.pharmaforum.be\/fr\/wp-json\/wp\/v2\/products\/17823"},{"href":"https:\/\/www.pharmaforum.be\/fr\/wp-json\/wp\/v2\/products\/17815"}],"_news":[],"_jobs":[],"_links":{"self":[{"href":"https:\/\/www.pharmaforum.be\/fr\/wp-json\/wp\/v2\/exhibitor\/16866","targetHints":{"allow":["GET"]}}],"collection":[{"href":"https:\/\/www.pharmaforum.be\/fr\/wp-json\/wp\/v2\/exhibitor"}],"about":[{"href":"https:\/\/www.pharmaforum.be\/fr\/wp-json\/wp\/v2\/types\/exhibitor"}],"version-history":[{"count":1,"href":"https:\/\/www.pharmaforum.be\/fr\/wp-json\/wp\/v2\/exhibitor\/16866\/revisions"}],"predecessor-version":[{"id":17055,"href":"https:\/\/www.pharmaforum.be\/fr\/wp-json\/wp\/v2\/exhibitor\/16866\/revisions\/17055"}],"wp:featuredmedia":[{"embeddable":true,"href":"https:\/\/www.pharmaforum.be\/fr\/wp-json\/wp\/v2\/media\/18180"}],"wp:attachment":[{"href":"https:\/\/www.pharmaforum.be\/fr\/wp-json\/wp\/v2\/media?parent=16866"}],"wp:term":[{"taxonomy":"edition","embeddable":true,"href":"https:\/\/www.pharmaforum.be\/fr\/wp-json\/wp\/v2\/edition?post=16866"},{"taxonomy":"country","embeddable":true,"href":"https:\/\/www.pharmaforum.be\/fr\/wp-json\/wp\/v2\/country?post=16866"},{"taxonomy":"exhibitor-category","embeddable":true,"href":"https:\/\/www.pharmaforum.be\/fr\/wp-json\/wp\/v2\/exhibitor-category?post=16866"}],"curies":[{"name":"wp","href":"https:\/\/api.w.org\/{rel}","templated":true}]}}