{"id":17924,"date":"2023-06-12T16:50:43","date_gmt":"2023-06-12T14:50:43","guid":{"rendered":"https:\/\/www.pharmaforum.be\/exhibitor\/ing-belgie\/"},"modified":"2023-09-23T13:20:09","modified_gmt":"2023-09-23T11:20:09","slug":"ing-belgique","status":"publish","type":"exhibitor","link":"https:\/\/www.pharmaforum.be\/fr\/exhibitor\/ing-belgique\/","title":{"rendered":"ING Belgique"},"content":{"rendered":"<p>Optez pour l\u2019expertise et le savoir-faire d\u2019ING Medicalis : des comptes et services con\u00e7us pour vous.<br \/>\nChaque \u00e9tape cl\u00e9 dans votre parcours professionnel m\u00e9rite une attention particuli\u00e8re. Vous avez des projets qui requi\u00e8rent un cr\u00e9dit, un investissement ou une assurance ? Vous pouvez compter sur les conseils d\u2019un partenaire financier sp\u00e9cialis\u00e9 dans les besoins sp\u00e9cifiques de votre profession. <\/p>\n<p>Plus d\u2019info sur ing.be\/medicalis<\/p>\n<p>Vous lancez votre affaire ? D\u00e9couvrez les conditions particuli\u00e8res pour votre compte professionnel, votre carte de cr\u00e9dit et d\u2019autres avantages. <\/p>\n<p>Plus d\u2019info sur ing.be\/starters-offre<\/p>\n","protected":false},"excerpt":{"rendered":"<p>Optez pour l\u2019expertise et le savoir-faire d\u2019ING Medicalis : des comptes et services con\u00e7us pour vous. Chaque \u00e9tape cl\u00e9 dans votre parcours professionnel m\u00e9rite une attention particuli\u00e8re. Vous avez des projets qui requi\u00e8rent un cr\u00e9dit, un investissement ou une assurance ? Vous pouvez compter sur les conseils d\u2019un partenaire financier sp\u00e9cialis\u00e9 dans les besoins sp\u00e9cifiques [&hellip;]<\/p>\n","protected":false},"featured_media":0,"template":"","meta":{"_seopress_robots_primary_cat":"","_seopress_titles_title":"","_seopress_titles_desc":"","_seopress_robots_index":"","_api_id":"162291","_stand_number":"1421","_partner_id":"21cwkbd7layhc","_package_code":"00-EASY-EASYGO25-200","_website":"https:\/\/www.ing.be\/medicalis","_email":"abdurrahman.ersahin@ing.com","_facebook":"","_linkedin":"","_twitter":"","_instagram":"","_zipcode":"1000","_town":"Brussels","_video_banner":"","_floorplan_url":"","footnotes":""},"edition":[451],"country":[41],"exhibitor-category":[482],"class_list":["post-17924","exhibitor","type-exhibitor","status-publish","hentry","edition-pharma-forum-2023","country-be","exhibitor-category-banques-assurances-services-financiers-16323"],"_logo":20476,"_cover_image":null,"_thumbnail_id":null,"_products":[{"href":"https:\/\/www.pharmaforum.be\/fr\/wp-json\/wp\/v2\/products\/21269"},{"href":"https:\/\/www.pharmaforum.be\/fr\/wp-json\/wp\/v2\/products\/21229"},{"href":"https:\/\/www.pharmaforum.be\/fr\/wp-json\/wp\/v2\/products\/21066"},{"href":"https:\/\/www.pharmaforum.be\/fr\/wp-json\/wp\/v2\/products\/21059"},{"href":"https:\/\/www.pharmaforum.be\/fr\/wp-json\/wp\/v2\/products\/21012"},{"href":"https:\/\/www.pharmaforum.be\/fr\/wp-json\/wp\/v2\/products\/20992"}],"_news":[],"_jobs":[],"_links":{"self":[{"href":"https:\/\/www.pharmaforum.be\/fr\/wp-json\/wp\/v2\/exhibitor\/17924","targetHints":{"allow":["GET"]}}],"collection":[{"href":"https:\/\/www.pharmaforum.be\/fr\/wp-json\/wp\/v2\/exhibitor"}],"about":[{"href":"https:\/\/www.pharmaforum.be\/fr\/wp-json\/wp\/v2\/types\/exhibitor"}],"version-history":[{"count":3,"href":"https:\/\/www.pharmaforum.be\/fr\/wp-json\/wp\/v2\/exhibitor\/17924\/revisions"}],"predecessor-version":[{"id":20475,"href":"https:\/\/www.pharmaforum.be\/fr\/wp-json\/wp\/v2\/exhibitor\/17924\/revisions\/20475"}],"wp:attachment":[{"href":"https:\/\/www.pharmaforum.be\/fr\/wp-json\/wp\/v2\/media?parent=17924"}],"wp:term":[{"taxonomy":"edition","embeddable":true,"href":"https:\/\/www.pharmaforum.be\/fr\/wp-json\/wp\/v2\/edition?post=17924"},{"taxonomy":"country","embeddable":true,"href":"https:\/\/www.pharmaforum.be\/fr\/wp-json\/wp\/v2\/country?post=17924"},{"taxonomy":"exhibitor-category","embeddable":true,"href":"https:\/\/www.pharmaforum.be\/fr\/wp-json\/wp\/v2\/exhibitor-category?post=17924"}],"curies":[{"name":"wp","href":"https:\/\/api.w.org\/{rel}","templated":true}]}}