{"id":17554,"date":"2023-05-25T16:06:04","date_gmt":"2023-05-25T14:06:04","guid":{"rendered":"https:\/\/www.pharmaforum.be\/?post_type=guest&#038;p=17554"},"modified":"2023-05-25T16:06:29","modified_gmt":"2023-05-25T14:06:29","slug":"nicolas-echement-2","status":"publish","type":"guest","link":"https:\/\/www.pharmaforum.be\/fr\/speaker\/nicolas-echement-2\/","title":{"rendered":"Nicolas Echement"},"content":{"rendered":"","protected":false},"excerpt":{"rendered":"<p>Secr\u00e9taire g\u00e9n\u00e9ral francophone de l\u2019Association Pharmaceutique Belge (APB), la f\u00e9d\u00e9ration nationale des pharmaciens d\u2019officine ind\u00e9pendants, Nicolas Echement est un pharmacien passionn\u00e9 par son m\u00e9tier et la fonction que celui-ci peut remplir au sein de la 1\u00e8re ligne de soins. Exer\u00e7ant en officine depuis pr\u00e8s de 20 ans, il a rapidement mis ses comp\u00e9tences au service de ses confr\u00e8res et futurs confr\u00e8res dans diff\u00e9rentes structures de d\u00e9fense et de formation professionnelles, dont l\u2019Association des Unions de Pharmaciens (AUP) et la Soci\u00e9t\u00e9 Scientifique des Pharmaciens Francophones (SSPF). Depuis 2023, il est \u00e9galement Pr\u00e9sident de la Plateforme de Premi\u00e8re Ligne Wallonne (PPLW), concr\u00e9tisant ainsi son engagement en faveur d\u2019une meilleure prise en charge multidisciplinaire des patients.<\/p>\n","protected":false},"featured_media":17556,"template":"","meta":{"_seopress_robots_primary_cat":"","_seopress_titles_title":"Nicolas Echement - Pharma forum 2023","_seopress_titles_desc":"Secr\u00e9taire g\u00e9n\u00e9ral francophone de l\u2019Association Pharmaceutique Belge (APB), la f\u00e9d\u00e9ration nationale des pharmaciens d\u2019officine ind\u00e9pendants, Nicolas Echement est un pharmacien passionn\u00e9 par son m\u00e9tier et la fonction que celui-ci peut remplir au sein de la 1\u00e8re ligne de soins. Exer\u00e7ant en officine depuis pr\u00e8s de 20 ans, il a rapidement mis ses comp\u00e9tences au service de ses confr\u00e8res et futurs confr\u00e8res dans diff\u00e9rentes structures de d\u00e9fense et de formation professionnelles, dont l\u2019Association des Unions de Pharmaciens (AUP) et la Soci\u00e9t\u00e9 Scientifique des Pharmaciens Francophones (SSPF). Depuis 2023, il est \u00e9galement Pr\u00e9sident de la Plateforme de Premi\u00e8re Ligne Wallonne (PPLW), concr\u00e9tisant ainsi son engagement en faveur d\u2019une meilleure prise en charge multidisciplinaire des patients.","_seopress_robots_index":"","_company_name":"","_job_title":"","_visit_me":"","_email":"","_linkedin":"","_twitter":"","_facebook":"","_instagram":"","_youtube":"","_imdb":"","footnotes":""},"edition":[451],"guest_type":[],"work":[],"class_list":["post-17554","guest","type-guest","status-publish","has-post-thumbnail","hentry","edition-pharma-forum-2023"],"_cover_image":{"href":"https:\/\/www.pharmaforum.be\/fr\/wp-json\/wp\/v2\/media\/17556"},"_links":{"self":[{"href":"https:\/\/www.pharmaforum.be\/fr\/wp-json\/wp\/v2\/guest\/17554","targetHints":{"allow":["GET"]}}],"collection":[{"href":"https:\/\/www.pharmaforum.be\/fr\/wp-json\/wp\/v2\/guest"}],"about":[{"href":"https:\/\/www.pharmaforum.be\/fr\/wp-json\/wp\/v2\/types\/guest"}],"version-history":[{"count":2,"href":"https:\/\/www.pharmaforum.be\/fr\/wp-json\/wp\/v2\/guest\/17554\/revisions"}],"predecessor-version":[{"id":17561,"href":"https:\/\/www.pharmaforum.be\/fr\/wp-json\/wp\/v2\/guest\/17554\/revisions\/17561"}],"wp:featuredmedia":[{"embeddable":true,"href":"https:\/\/www.pharmaforum.be\/fr\/wp-json\/wp\/v2\/media\/17556"}],"wp:attachment":[{"href":"https:\/\/www.pharmaforum.be\/fr\/wp-json\/wp\/v2\/media?parent=17554"}],"wp:term":[{"taxonomy":"edition","embeddable":true,"href":"https:\/\/www.pharmaforum.be\/fr\/wp-json\/wp\/v2\/edition?post=17554"},{"taxonomy":"guest_type","embeddable":true,"href":"https:\/\/www.pharmaforum.be\/fr\/wp-json\/wp\/v2\/guest_type?post=17554"},{"taxonomy":"work","embeddable":true,"href":"https:\/\/www.pharmaforum.be\/fr\/wp-json\/wp\/v2\/work?post=17554"}],"curies":[{"name":"wp","href":"https:\/\/api.w.org\/{rel}","templated":true}]}}