{"id":17562,"date":"2023-05-25T16:08:34","date_gmt":"2023-05-25T14:08:34","guid":{"rendered":"https:\/\/www.pharmaforum.be\/?post_type=guest&#038;p=17562"},"modified":"2023-05-25T16:15:25","modified_gmt":"2023-05-25T14:15:25","slug":"justine-vignola","status":"publish","type":"guest","link":"https:\/\/www.pharmaforum.be\/fr\/speaker\/justine-vignola\/","title":{"rendered":"Justine Vignola"},"content":{"rendered":"","protected":false},"excerpt":{"rendered":"<p>Psychologue clinicienne et psychoth\u00e9rapeute syst\u00e9micienne, Justine Vignola a travaill\u00e9 comme psychologue clinicienne dans le domaine de la sant\u00e9, en milieu hospitalier et \u00e0 domicile. Depuis 2017, elle est charg\u00e9e de mission pour la f\u00e9d\u00e9ration ACCOORD de centres de coordination de soins et d\u2019aide \u00e0 domicile. Depuis 2023, elle est directrice de la PPLW. Elle a imm\u00e9diatement adh\u00e9r\u00e9 \u00e0 l\u2019objectif de collaboration transdisciplinaire de la PPLW car, pour elle, cette collaboration est la condition essentielle pour un accompagnement et des soins efficients, int\u00e9gr\u00e9s et humains pour les patients et leurs proches.<\/p>\n","protected":false},"featured_media":17564,"template":"","meta":{"_seopress_robots_primary_cat":"","_seopress_titles_title":"Justine Vignola - Pharma forum 2023","_seopress_titles_desc":"Psychologue clinicienne et psychoth\u00e9rapeute syst\u00e9micienne, Justine Vignola a travaill\u00e9 comme psychologue clinicienne dans le domaine de la sant\u00e9, en milieu hospitalier et \u00e0 domicile. Depuis 2017, elle est charg\u00e9e de mission pour la f\u00e9d\u00e9ration ACCOORD de centres de coordination de soins et d\u2019aide \u00e0 domicile. Depuis 2023, elle est directrice de la PPLW. Elle a imm\u00e9diatement adh\u00e9r\u00e9 \u00e0 l\u2019objectif de collaboration transdisciplinaire de la PPLW car, pour elle, cette collaboration est la condition essentielle pour un accompagnement et des soins efficients, int\u00e9gr\u00e9s et humains pour les patients et leurs proches.","_seopress_robots_index":"","_company_name":"","_job_title":"","_visit_me":"","_email":"","_linkedin":"","_twitter":"","_facebook":"","_instagram":"","_youtube":"","_imdb":"","footnotes":""},"edition":[451],"guest_type":[],"work":[],"class_list":["post-17562","guest","type-guest","status-publish","has-post-thumbnail","hentry","edition-pharma-forum-2023"],"_cover_image":{"href":"https:\/\/www.pharmaforum.be\/fr\/wp-json\/wp\/v2\/media\/17564"},"_links":{"self":[{"href":"https:\/\/www.pharmaforum.be\/fr\/wp-json\/wp\/v2\/guest\/17562","targetHints":{"allow":["GET"]}}],"collection":[{"href":"https:\/\/www.pharmaforum.be\/fr\/wp-json\/wp\/v2\/guest"}],"about":[{"href":"https:\/\/www.pharmaforum.be\/fr\/wp-json\/wp\/v2\/types\/guest"}],"version-history":[{"count":2,"href":"https:\/\/www.pharmaforum.be\/fr\/wp-json\/wp\/v2\/guest\/17562\/revisions"}],"predecessor-version":[{"id":17567,"href":"https:\/\/www.pharmaforum.be\/fr\/wp-json\/wp\/v2\/guest\/17562\/revisions\/17567"}],"wp:featuredmedia":[{"embeddable":true,"href":"https:\/\/www.pharmaforum.be\/fr\/wp-json\/wp\/v2\/media\/17564"}],"wp:attachment":[{"href":"https:\/\/www.pharmaforum.be\/fr\/wp-json\/wp\/v2\/media?parent=17562"}],"wp:term":[{"taxonomy":"edition","embeddable":true,"href":"https:\/\/www.pharmaforum.be\/fr\/wp-json\/wp\/v2\/edition?post=17562"},{"taxonomy":"guest_type","embeddable":true,"href":"https:\/\/www.pharmaforum.be\/fr\/wp-json\/wp\/v2\/guest_type?post=17562"},{"taxonomy":"work","embeddable":true,"href":"https:\/\/www.pharmaforum.be\/fr\/wp-json\/wp\/v2\/work?post=17562"}],"curies":[{"name":"wp","href":"https:\/\/api.w.org\/{rel}","templated":true}]}}