{"id":17582,"date":"2023-05-25T16:33:46","date_gmt":"2023-05-25T14:33:46","guid":{"rendered":"https:\/\/www.pharmaforum.be\/?post_type=guest&#038;p=17582"},"modified":"2023-05-25T17:29:40","modified_gmt":"2023-05-25T15:29:40","slug":"robin-crunenberg","status":"publish","type":"guest","link":"https:\/\/www.pharmaforum.be\/fr\/speaker\/robin-crunenberg\/","title":{"rendered":"Robin Crunenberg"},"content":{"rendered":"","protected":false},"excerpt":{"rendered":"<p><span style=\"color: rgba(0, 0, 0, 0.9); font-family: -apple-system, system-ui, BlinkMacSystemFont, 'Segoe UI', Roboto, 'Helvetica Neue', 'Fira Sans', Ubuntu, Oxygen, 'Oxygen Sans', Cantarell, 'Droid Sans', 'Apple Color Emoji', 'Segoe UI Emoji', 'Segoe UI Emoji', 'Segoe UI Symbol', 'Lucida Grande', Helvetica, Arial, sans-serif;\">Ma\u00eetre de conf\u00e9rence ULi\u00e8ge<\/span><\/p>\n","protected":false},"featured_media":17584,"template":"","meta":{"_seopress_robots_primary_cat":"","_seopress_titles_title":"Robin Crunenberg - Pharma forum 2023","_seopress_titles_desc":"Ma\u00eetre de conf\u00e9rence ULi\u00e8ge","_seopress_robots_index":"","_company_name":"","_job_title":"","_visit_me":"","_email":"","_linkedin":"","_twitter":"","_facebook":"","_instagram":"","_youtube":"","_imdb":"","footnotes":""},"edition":[451],"guest_type":[],"work":[],"class_list":["post-17582","guest","type-guest","status-publish","has-post-thumbnail","hentry","edition-pharma-forum-2023"],"_cover_image":{"href":"https:\/\/www.pharmaforum.be\/fr\/wp-json\/wp\/v2\/media\/17584"},"_links":{"self":[{"href":"https:\/\/www.pharmaforum.be\/fr\/wp-json\/wp\/v2\/guest\/17582","targetHints":{"allow":["GET"]}}],"collection":[{"href":"https:\/\/www.pharmaforum.be\/fr\/wp-json\/wp\/v2\/guest"}],"about":[{"href":"https:\/\/www.pharmaforum.be\/fr\/wp-json\/wp\/v2\/types\/guest"}],"version-history":[{"count":3,"href":"https:\/\/www.pharmaforum.be\/fr\/wp-json\/wp\/v2\/guest\/17582\/revisions"}],"predecessor-version":[{"id":17634,"href":"https:\/\/www.pharmaforum.be\/fr\/wp-json\/wp\/v2\/guest\/17582\/revisions\/17634"}],"wp:featuredmedia":[{"embeddable":true,"href":"https:\/\/www.pharmaforum.be\/fr\/wp-json\/wp\/v2\/media\/17584"}],"wp:attachment":[{"href":"https:\/\/www.pharmaforum.be\/fr\/wp-json\/wp\/v2\/media?parent=17582"}],"wp:term":[{"taxonomy":"edition","embeddable":true,"href":"https:\/\/www.pharmaforum.be\/fr\/wp-json\/wp\/v2\/edition?post=17582"},{"taxonomy":"guest_type","embeddable":true,"href":"https:\/\/www.pharmaforum.be\/fr\/wp-json\/wp\/v2\/guest_type?post=17582"},{"taxonomy":"work","embeddable":true,"href":"https:\/\/www.pharmaforum.be\/fr\/wp-json\/wp\/v2\/work?post=17582"}],"curies":[{"name":"wp","href":"https:\/\/api.w.org\/{rel}","templated":true}]}}