{"id":5824,"date":"2022-07-01T15:03:20","date_gmt":"2022-07-01T13:03:20","guid":{"rendered":"https:\/\/www.pharmaforum.be\/?post_type=guest&#038;p=5824"},"modified":"2022-07-20T17:15:09","modified_gmt":"2022-07-20T15:15:09","slug":"nicolas-echement","status":"publish","type":"guest","link":"https:\/\/www.pharmaforum.be\/fr\/speaker\/nicolas-echement\/","title":{"rendered":"Nicolas Echement"},"content":{"rendered":"<p>Secr\u00e9taire g\u00e9n\u00e9ral APB<\/p>\n<p>Pharmacien d\u2019officine \u00e0 Bastogne depuis le milieu des ann\u00e9es 2000, Nicolas Echement fut tour \u00e0 tout Pr\u00e9sident de l\u2019Union Pharmaceutique Luxembourgeoise (UPL), puis pr\u00e9sident de l\u2019Association des Unions de Pharmaciens (AUP), qui repr\u00e9sente les pharmaciens wallons aupr\u00e8s des pouvoirs publics\u00a0 r\u00e9gionaux, avant d\u2019\u00eatre \u00e9lu \u00e0 la mi-octobre 2021, au poste de Secr\u00e9taire g\u00e9n\u00e9ral francophone de l\u2019Association Pharmaceutique Belge, la f\u00e9d\u00e9ration nationale des pharmaciens d\u2019officine ind\u00e9pendants.<\/p>\n","protected":false},"excerpt":{"rendered":"<p>Secr\u00e9taire g\u00e9n\u00e9ral APB Pharmacien d\u2019officine \u00e0 Bastogne depuis le milieu des ann\u00e9es 2000, Nicolas Echement fut tour \u00e0 tout Pr\u00e9sident de l\u2019Union Pharmaceutique Luxembourgeoise (UPL), puis pr\u00e9sident de l\u2019Association des Unions de Pharmaciens (AUP), qui repr\u00e9sente les pharmaciens wallons aupr\u00e8s des pouvoirs publics\u00a0 r\u00e9gionaux, avant d\u2019\u00eatre \u00e9lu \u00e0 la mi-octobre 2021, au poste de Secr\u00e9taire [&hellip;]<\/p>\n","protected":false},"featured_media":0,"template":"","meta":{"_seopress_robots_primary_cat":"","_seopress_titles_title":"Nicolas Echement - Pharma forum","_seopress_titles_desc":"Secr\u00e9taire g\u00e9n\u00e9ral APB\u00a0","_seopress_robots_index":"","_company_name":"","_job_title":"","_visit_me":"","_email":"","_linkedin":"","_twitter":"","_facebook":"","_instagram":"","_youtube":"","_imdb":"","footnotes":""},"edition":[],"guest_type":[],"work":[],"class_list":["post-5824","guest","type-guest","status-publish","hentry"],"_cover_image":{"href":"https:\/\/www.pharmaforum.be\/fr\/wp-json\/wp\/v2\/media\/6892"},"_links":{"self":[{"href":"https:\/\/www.pharmaforum.be\/fr\/wp-json\/wp\/v2\/guest\/5824","targetHints":{"allow":["GET"]}}],"collection":[{"href":"https:\/\/www.pharmaforum.be\/fr\/wp-json\/wp\/v2\/guest"}],"about":[{"href":"https:\/\/www.pharmaforum.be\/fr\/wp-json\/wp\/v2\/types\/guest"}],"version-history":[{"count":1,"href":"https:\/\/www.pharmaforum.be\/fr\/wp-json\/wp\/v2\/guest\/5824\/revisions"}],"predecessor-version":[{"id":5830,"href":"https:\/\/www.pharmaforum.be\/fr\/wp-json\/wp\/v2\/guest\/5824\/revisions\/5830"}],"wp:attachment":[{"href":"https:\/\/www.pharmaforum.be\/fr\/wp-json\/wp\/v2\/media?parent=5824"}],"wp:term":[{"taxonomy":"edition","embeddable":true,"href":"https:\/\/www.pharmaforum.be\/fr\/wp-json\/wp\/v2\/edition?post=5824"},{"taxonomy":"guest_type","embeddable":true,"href":"https:\/\/www.pharmaforum.be\/fr\/wp-json\/wp\/v2\/guest_type?post=5824"},{"taxonomy":"work","embeddable":true,"href":"https:\/\/www.pharmaforum.be\/fr\/wp-json\/wp\/v2\/work?post=5824"}],"curies":[{"name":"wp","href":"https:\/\/api.w.org\/{rel}","templated":true}]}}