{"id":6625,"date":"2022-07-15T10:24:40","date_gmt":"2022-07-15T08:24:40","guid":{"rendered":"https:\/\/www.pharmaforum.be\/?post_type=guest&#038;p=6625"},"modified":"2022-07-20T17:16:34","modified_gmt":"2022-07-20T15:16:34","slug":"dr-philippe-coucke","status":"publish","type":"guest","link":"https:\/\/www.pharmaforum.be\/fr\/speaker\/dr-philippe-coucke\/","title":{"rendered":"Dr Philippe Coucke"},"content":{"rendered":"<p>Dr Coucke Philippe est n\u00e9 \u00e0 Gand en 1959.<\/p>\n<p>Il a obtenu son dipl\u00f4me de m\u00e9decine \u00e0 l&#8217;Universit\u00e9 d&#8217;\u00c9tat de Gand en Belgique en 1984. Il a suivi une formation en radio-oncologie \u00e0 l&#8217;h\u00f4pital universitaire de Gand et \u00e0 l&#8217;h\u00f4pital universitaire de Besan\u00e7on en France jusqu&#8217;en 1987. Il a \u00e9t\u00e9 certifi\u00e9 en radio-oncologie en 1988 et a quitt\u00e9 la France en 1989.<\/p>\n<p>\u00c0 partir de 1989, il est devenu m\u00e9decin radioth\u00e9rapeute faisant partie du cadre \u00e0 l&#8217;H\u00f4pital universitaire de Lausanne (CHUV), en Suisse. En 1996, il a obtenu le titre acad\u00e9mique de \u00ab<em>Privat Docent<\/em> &amp; Ma\u00eetre d\u2019Enseignement et de Recherche\u00bb \u00e0 cette m\u00eame universit\u00e9. Il a \u00e9galement suivi une formation en gestion au CHUV et a r\u00e9dig\u00e9 une th\u00e8se sur \u00ab<em>l\u2019apprentissage organisationnel et la r\u00e9sistance au changement<\/em>\u00bb.<\/p>\n<p>Il a quitt\u00e9 la Suisse en 2005 et est devenu chef du d\u00e9partement de radioth\u00e9rapie \u00e0 l&#8217;H\u00f4pital Maisonneuve Rosemont, Montr\u00e9al, Canada. En m\u00eame temps il a \u00e9t\u00e9 nomm\u00e9 \u00ab\u00a0<em>professeur de clinique<\/em>\u00a0\u00bb \u00e0 l&#8217;Universit\u00e9 de Montr\u00e9al.<\/p>\n<p>En 2006, il est devenu chef du service de radioth\u00e9rapie \u00e0 l&#8217;h\u00f4pital universitaire de Li\u00e8ge et professeur de radioth\u00e9rapie \u00e0 la m\u00eame universit\u00e9. Il fait partie du conseil de gouvernance de l\u2019institut de canc\u00e9rologie et du d\u00e9partement de physique M\u00e9dicale au centre hospitalier universitaire de Li\u00e8ge<\/p>\n<p>Pour ses activit\u00e9s cliniques personnelles, il ne s\u2019occupe plus que de la prise en charge de cancers du sein. Les priorit\u00e9s de d\u00e9veloppement dans son service sont \u00a0l\u2019automatisation de la pr\u00e9paration et de la planification des traitements en radioth\u00e9rapie, le suivi dynamique et automatique de la cible en temps r\u00e9el pendant le traitement afin d\u2019\u00e9viter d\u2019irradier inutilement des tissus sains, l\u2019\u00e9valuation de l\u2019exp\u00e9rience du patient el le suivi post-traitement par des applications connect\u00e9es, la gestion globale de la qualit\u00e9 et le management du risque.<\/p>\n<p>Le MWQ (Mouvement Wallon pour la Qualit\u00e9) lui a d\u2019ailleurs accord\u00e9 cinq fois cons\u00e9cutivement le prix EFQM (Fondation Europ\u00e9enne pour le Management de la Qualit\u00e9).<\/p>\n<p>Plus r\u00e9cemment, il a concentr\u00e9 son attention sur la \u00absant\u00e9 connect\u00e9e\u00bb, l&#8217;\u00e9valuation de la \u00ab\u00a0<em>literacy<\/em>\u00a0\u00bb des patients, l&#8217;autonomisation des patients (<em>empowerment<\/em>) et le potentiel que repr\u00e9sente le \u00ab\u00a0big data\u00a0\u00bb et l&#8217;intelligence artificielle. Il est persuad\u00e9 de la n\u00e9cessit\u00e9 de changer l\u2019\u00e9cosyst\u00e8me de soins, l\u2019actuel n\u2019\u00e9tant pas efficient en non durable.<\/p>\n<p>Depuis janvier 2016, il a \u00e9t\u00e9 invit\u00e9 \u00e0 titre de conf\u00e9rencier principal \u00e0 largement plus qu\u2019une centaine de conf\u00e9rences sur les bouleversements des soins m\u00e9dicaux issus de l&#8217;acc\u00e9l\u00e9ration et la convergence des technologies. En 2017, il a \u00e9galement \u00e9t\u00e9 invit\u00e9 par le S\u00e9nat belge et le Conseil europ\u00e9en \u00e0 partager sa vision sur l&#8217;avenir des soins de sant\u00e9.<\/p>\n<p>Il est auteur et co-auteur de plus de 300 publications, dont la plupart dans des revues \u00e0 comit\u00e9 de lecture. En 2019, il a publi\u00e9 un livre intitul\u00e9\u00a0: \u00ab\u00a0La m\u00e9decine du futur. Ces technologies qui nous sauvent d\u00e9j\u00e0\u00a0\u00bb (Ed. Mardaga, r\u00e9\u00e9dit\u00e9 en 2020), et un second en 2021 intitul\u00e9 \u00ab\u00a0Covid-19\u00a0: de la crise aux opportunit\u00e9s\u00a0\u00bb.<\/p>\n","protected":false},"excerpt":{"rendered":"<p>Dr Coucke Philippe est n\u00e9 \u00e0 Gand en 1959. Il a obtenu son dipl\u00f4me de m\u00e9decine \u00e0 l&#8217;Universit\u00e9 d&#8217;\u00c9tat de Gand en Belgique en 1984. Il a suivi une formation en radio-oncologie \u00e0 l&#8217;h\u00f4pital universitaire de Gand et \u00e0 l&#8217;h\u00f4pital universitaire de Besan\u00e7on en France jusqu&#8217;en 1987. Il a \u00e9t\u00e9 certifi\u00e9 en radio-oncologie en 1988 [&hellip;]<\/p>\n","protected":false},"featured_media":0,"template":"","meta":{"_seopress_robots_primary_cat":"","_seopress_titles_title":"Dr Philippe Coucke - Pharma forum","_seopress_titles_desc":"Dr Coucke Philippe est n\u00e9 \u00e0 Gand en 1959. Il a obtenu son dipl\u00f4me de m\u00e9decine \u00e0 l&#039;Universit\u00e9 d&#039;\u00c9tat de Gand en Belgique en 1984. Il a suivi une formation en radio-oncologie \u00e0 l&#039;h\u00f4pital universitaire de Gand et \u00e0 l&#039;h\u00f4pital universitaire de Besan\u00e7on en France jusqu&#039;en 1987. Il a \u00e9t\u00e9 certifi\u00e9 en radio-oncologie en 1988 et a quitt\u00e9 la France en 1989. Plus r\u00e9cemment, il a concentr\u00e9 son attention sur la \u00absant\u00e9 connect\u00e9e\u00bb, l&#039;\u00e9valuation de la \u00ab\u00a0literacy\u00a0\u00bb des patients, l&#039;autonomisation des patients (empowerment) et le potentiel que repr\u00e9sente le \u00ab\u00a0big data\u00a0\u00bb et l&#039;intelligence artificielle. Il est persuad\u00e9 de la n\u00e9cessit\u00e9 de changer l\u2019\u00e9cosyst\u00e8me de soins, l\u2019actuel n\u2019\u00e9tant pas efficient en non durable.","_seopress_robots_index":"","_company_name":"","_job_title":"","_visit_me":"","_email":"","_linkedin":"","_twitter":"","_facebook":"","_instagram":"","_youtube":"","_imdb":"","footnotes":""},"edition":[],"guest_type":[],"work":[],"class_list":["post-6625","guest","type-guest","status-publish","hentry"],"_cover_image":{"href":"https:\/\/www.pharmaforum.be\/fr\/wp-json\/wp\/v2\/media\/6630"},"_links":{"self":[{"href":"https:\/\/www.pharmaforum.be\/fr\/wp-json\/wp\/v2\/guest\/6625","targetHints":{"allow":["GET"]}}],"collection":[{"href":"https:\/\/www.pharmaforum.be\/fr\/wp-json\/wp\/v2\/guest"}],"about":[{"href":"https:\/\/www.pharmaforum.be\/fr\/wp-json\/wp\/v2\/types\/guest"}],"version-history":[{"count":1,"href":"https:\/\/www.pharmaforum.be\/fr\/wp-json\/wp\/v2\/guest\/6625\/revisions"}],"predecessor-version":[{"id":6629,"href":"https:\/\/www.pharmaforum.be\/fr\/wp-json\/wp\/v2\/guest\/6625\/revisions\/6629"}],"wp:attachment":[{"href":"https:\/\/www.pharmaforum.be\/fr\/wp-json\/wp\/v2\/media?parent=6625"}],"wp:term":[{"taxonomy":"edition","embeddable":true,"href":"https:\/\/www.pharmaforum.be\/fr\/wp-json\/wp\/v2\/edition?post=6625"},{"taxonomy":"guest_type","embeddable":true,"href":"https:\/\/www.pharmaforum.be\/fr\/wp-json\/wp\/v2\/guest_type?post=6625"},{"taxonomy":"work","embeddable":true,"href":"https:\/\/www.pharmaforum.be\/fr\/wp-json\/wp\/v2\/work?post=6625"}],"curies":[{"name":"wp","href":"https:\/\/api.w.org\/{rel}","templated":true}]}}