{"id":17823,"date":"2023-06-06T16:06:50","date_gmt":"2023-06-06T14:06:50","guid":{"rendered":"https:\/\/www.pharmaforum.be\/products\/macerat-mere-figuier-bio-30ml\/"},"modified":"2023-07-27T11:46:56","modified_gmt":"2023-07-27T09:46:56","slug":"macerat-mere-figuier-bio-30ml","status":"publish","type":"products","link":"https:\/\/www.pharmaforum.be\/fr\/products\/macerat-mere-figuier-bio-30ml\/","title":{"rendered":"Mac\u00e9rat-m\u00e8re FIGUIER bio &#8211; 30ml"},"content":{"rendered":"<p>Indications<\/p>\n<p>\u2013 Aide \u00e0 maintenir un \u00e9quilibre microbien intestinal sain, contribue \u00e0 maintenir une fonction intestinale normale<\/p>\n<p>\u2013 Intervient dans la r\u00e9\u00e9quilibration de la flore bact\u00e9rienne intestinale et buccale<\/p>\n<p>\u2013 Action positive sur le syst\u00e8me nerveux (physique et psychique) : pour toutes les personnes qui ont tendance \u00e0 porter leurs tensions nerveuses au niveau de l\u2019estomac, ce qui entraine acidit\u00e9 et br\u00fblure<\/p>\n<p>\u2013 Action r\u00e9gulatrice des rythmes et cycles du sommeil: en cas d\u2019horaires d\u00e9cal\u00e9s, r\u00e9veil nocturne<\/p>\n<p>\u2013 Action positive sur le stress \u00e0 long terme<\/p>\n<p>S\u00e9r\u00e9nit\u00e9, lumi\u00e8re, \u00e9veil<\/p>\n<p>Le Figuier* intervient dans des moments de nervosit\u00e9, d\u2019irritation, d\u2019excitation, et de d\u00e9bordements \u00e9motionnels. Il invite au retour au calme, \u00e0 la prise de recul dans des situations stressantes, chaotiques ou parfois dramatiques. Le Figuier* apporte la lumi\u00e8re, permet la reconnexion \u00e0 soi et ouvre \u00e0 l\u2019\u00e9coute de sa voix int\u00e9rieure. C\u2019est l\u2019\u00e9veil \u00e0 Soi.<\/p>\n<p>Le r\u00e9tablissement du sommeil permet de \u00abl\u00e2cher\u00bb son mental, et de d\u00e9connecter le syst\u00e8me nerveux sympathique. Dormir profond\u00e9ment aide \u00e0 se reconnecter \u00e0 sa nature profonde. L\u2019esprit sera alors plus clair, et les solutions viendront naturellement.<br \/>\nConseils d\u2019utilisation<\/p>\n<p>5-10 gouttes\/jour, pures ou dilu\u00e9es dans un peu d&#8217;eau de source. En dehors des repas.<\/p>\n","protected":false},"excerpt":{"rendered":"<p>Indications \u2013 Aide \u00e0 maintenir un \u00e9quilibre microbien intestinal sain, contribue \u00e0 maintenir une fonction intestinale normale \u2013 Intervient dans la r\u00e9\u00e9quilibration de la flore bact\u00e9rienne intestinale et buccale \u2013 Action positive sur le syst\u00e8me nerveux (physique et psychique) : pour toutes les personnes qui ont tendance \u00e0 porter leurs tensions nerveuses au niveau de [&hellip;]<\/p>\n","protected":false},"featured_media":17825,"template":"","meta":{"_seopress_robots_primary_cat":"","_seopress_titles_title":"","_seopress_titles_desc":"","_seopress_robots_index":"","_api_id":"191690","_exhibitors":["16866"],"footnotes":""},"tags":[],"edition":[451],"product-category":[],"class_list":["post-17823","products","type-products","status-publish","has-post-thumbnail","hentry","edition-pharma-forum-2023"],"_links":{"self":[{"href":"https:\/\/www.pharmaforum.be\/fr\/wp-json\/wp\/v2\/products\/17823","targetHints":{"allow":["GET"]}}],"collection":[{"href":"https:\/\/www.pharmaforum.be\/fr\/wp-json\/wp\/v2\/products"}],"about":[{"href":"https:\/\/www.pharmaforum.be\/fr\/wp-json\/wp\/v2\/types\/products"}],"version-history":[{"count":2,"href":"https:\/\/www.pharmaforum.be\/fr\/wp-json\/wp\/v2\/products\/17823\/revisions"}],"predecessor-version":[{"id":19832,"href":"https:\/\/www.pharmaforum.be\/fr\/wp-json\/wp\/v2\/products\/17823\/revisions\/19832"}],"wp:featuredmedia":[{"embeddable":true,"href":"https:\/\/www.pharmaforum.be\/fr\/wp-json\/wp\/v2\/media\/17825"}],"wp:attachment":[{"href":"https:\/\/www.pharmaforum.be\/fr\/wp-json\/wp\/v2\/media?parent=17823"}],"wp:term":[{"taxonomy":"post_tag","embeddable":true,"href":"https:\/\/www.pharmaforum.be\/fr\/wp-json\/wp\/v2\/tags?post=17823"},{"taxonomy":"edition","embeddable":true,"href":"https:\/\/www.pharmaforum.be\/fr\/wp-json\/wp\/v2\/edition?post=17823"},{"taxonomy":"product-category","embeddable":true,"href":"https:\/\/www.pharmaforum.be\/fr\/wp-json\/wp\/v2\/product-category?post=17823"}],"curies":[{"name":"wp","href":"https:\/\/api.w.org\/{rel}","templated":true}]}}