{"id":21607,"date":"2023-09-18T16:52:15","date_gmt":"2023-09-18T14:52:15","guid":{"rendered":"https:\/\/www.pharmaforum.be\/products\/zzzinc-zinc-dorigine-naturelle-90-comprimes\/"},"modified":"2023-09-18T16:53:15","modified_gmt":"2023-09-18T14:53:15","slug":"zzzinc-zinc-dorigine-naturelle-90-comprimes","status":"publish","type":"products","link":"https:\/\/www.pharmaforum.be\/fr\/products\/zzzinc-zinc-dorigine-naturelle-90-comprimes\/","title":{"rendered":"ZZZinc &#8211; Zinc d&#8217;origine naturelle &#8211; 90 comprim\u00e9s"},"content":{"rendered":"<p>Ce compl\u00e9ment alimentaire naturel et biologique fournit votre apport quotidien en zinc qui contribue \u00e0 un large \u00e9ventail de fonctions biologiques.<\/p>\n<p>Le zinc est recommand\u00e9 pour les personnes pr\u00e9sentant une carence, les femmes ainsi que ceux qui suivent un r\u00e9gime v\u00e9g\u00e9tarien\/v\u00e9g\u00e9talien.<\/p>\n<p>Il est vendu dans un r\u00e9cipient enti\u00e8rement compostable, fait de carton recycl\u00e9 et de li\u00e8ge.<\/p>\n<p>Naturel | Biologique<\/p>\n","protected":false},"excerpt":{"rendered":"<p>Ce compl\u00e9ment alimentaire naturel et biologique fournit votre apport quotidien en zinc qui contribue \u00e0 un large \u00e9ventail de fonctions biologiques. Le zinc est recommand\u00e9 pour les personnes pr\u00e9sentant une carence, les femmes ainsi que ceux qui suivent un r\u00e9gime v\u00e9g\u00e9tarien\/v\u00e9g\u00e9talien. Il est vendu dans un r\u00e9cipient enti\u00e8rement compostable, fait de carton recycl\u00e9 et de [&hellip;]<\/p>\n","protected":false},"featured_media":21609,"template":"","meta":{"_seopress_robots_primary_cat":"","_seopress_titles_title":"","_seopress_titles_desc":"","_seopress_robots_index":"","_api_id":"202050","_exhibitors":["18448"],"footnotes":""},"tags":[],"edition":[451],"product-category":[],"class_list":["post-21607","products","type-products","status-publish","has-post-thumbnail","hentry","edition-pharma-forum-2023"],"_links":{"self":[{"href":"https:\/\/www.pharmaforum.be\/fr\/wp-json\/wp\/v2\/products\/21607","targetHints":{"allow":["GET"]}}],"collection":[{"href":"https:\/\/www.pharmaforum.be\/fr\/wp-json\/wp\/v2\/products"}],"about":[{"href":"https:\/\/www.pharmaforum.be\/fr\/wp-json\/wp\/v2\/types\/products"}],"version-history":[{"count":1,"href":"https:\/\/www.pharmaforum.be\/fr\/wp-json\/wp\/v2\/products\/21607\/revisions"}],"predecessor-version":[{"id":21611,"href":"https:\/\/www.pharmaforum.be\/fr\/wp-json\/wp\/v2\/products\/21607\/revisions\/21611"}],"wp:featuredmedia":[{"embeddable":true,"href":"https:\/\/www.pharmaforum.be\/fr\/wp-json\/wp\/v2\/media\/21609"}],"wp:attachment":[{"href":"https:\/\/www.pharmaforum.be\/fr\/wp-json\/wp\/v2\/media?parent=21607"}],"wp:term":[{"taxonomy":"post_tag","embeddable":true,"href":"https:\/\/www.pharmaforum.be\/fr\/wp-json\/wp\/v2\/tags?post=21607"},{"taxonomy":"edition","embeddable":true,"href":"https:\/\/www.pharmaforum.be\/fr\/wp-json\/wp\/v2\/edition?post=21607"},{"taxonomy":"product-category","embeddable":true,"href":"https:\/\/www.pharmaforum.be\/fr\/wp-json\/wp\/v2\/product-category?post=21607"}],"curies":[{"name":"wp","href":"https:\/\/api.w.org\/{rel}","templated":true}]}}