{"id":21658,"date":"2023-09-18T17:21:49","date_gmt":"2023-09-18T15:21:49","guid":{"rendered":"https:\/\/www.pharmaforum.be\/products\/bedouze-vitamine-b12-120-comprimes\/"},"modified":"2023-09-18T17:22:11","modified_gmt":"2023-09-18T15:22:11","slug":"bedouze-vitamine-b12-120-comprimes","status":"publish","type":"products","link":"https:\/\/www.pharmaforum.be\/fr\/products\/bedouze-vitamine-b12-120-comprimes\/","title":{"rendered":"B\u00e9douze &#8211; Vitamine B12 &#8211;  120 comprim\u00e9s"},"content":{"rendered":"<p>Prendre vos vitamines n&#8217;a jamais \u00e9t\u00e9 aussi savoureux !<\/p>\n<p>La B12 est une vitamine essentielle \u00e0 la formation normale des globules rouges, au bon fonctionnement du syst\u00e8me nerveux et contribue aussi \u00e0 r\u00e9duire la fatigue.<\/p>\n<p>Elle est vendue dans un emballage enti\u00e8rement compostable compos\u00e9 de carton recycl\u00e9 et de li\u00e8ge.<\/p>\n<p>Naturel | Vegan<\/p>\n","protected":false},"excerpt":{"rendered":"<p>Prendre vos vitamines n&#8217;a jamais \u00e9t\u00e9 aussi savoureux ! La B12 est une vitamine essentielle \u00e0 la formation normale des globules rouges, au bon fonctionnement du syst\u00e8me nerveux et contribue aussi \u00e0 r\u00e9duire la fatigue. Elle est vendue dans un emballage enti\u00e8rement compostable compos\u00e9 de carton recycl\u00e9 et de li\u00e8ge. Naturel | Vegan<\/p>\n","protected":false},"featured_media":21660,"template":"","meta":{"_seopress_robots_primary_cat":"","_seopress_titles_title":"","_seopress_titles_desc":"","_seopress_robots_index":"","_api_id":"202062","_exhibitors":["18448"],"footnotes":""},"tags":[],"edition":[451],"product-category":[],"class_list":["post-21658","products","type-products","status-publish","has-post-thumbnail","hentry","edition-pharma-forum-2023"],"_links":{"self":[{"href":"https:\/\/www.pharmaforum.be\/fr\/wp-json\/wp\/v2\/products\/21658","targetHints":{"allow":["GET"]}}],"collection":[{"href":"https:\/\/www.pharmaforum.be\/fr\/wp-json\/wp\/v2\/products"}],"about":[{"href":"https:\/\/www.pharmaforum.be\/fr\/wp-json\/wp\/v2\/types\/products"}],"version-history":[{"count":1,"href":"https:\/\/www.pharmaforum.be\/fr\/wp-json\/wp\/v2\/products\/21658\/revisions"}],"predecessor-version":[{"id":21662,"href":"https:\/\/www.pharmaforum.be\/fr\/wp-json\/wp\/v2\/products\/21658\/revisions\/21662"}],"wp:featuredmedia":[{"embeddable":true,"href":"https:\/\/www.pharmaforum.be\/fr\/wp-json\/wp\/v2\/media\/21660"}],"wp:attachment":[{"href":"https:\/\/www.pharmaforum.be\/fr\/wp-json\/wp\/v2\/media?parent=21658"}],"wp:term":[{"taxonomy":"post_tag","embeddable":true,"href":"https:\/\/www.pharmaforum.be\/fr\/wp-json\/wp\/v2\/tags?post=21658"},{"taxonomy":"edition","embeddable":true,"href":"https:\/\/www.pharmaforum.be\/fr\/wp-json\/wp\/v2\/edition?post=21658"},{"taxonomy":"product-category","embeddable":true,"href":"https:\/\/www.pharmaforum.be\/fr\/wp-json\/wp\/v2\/product-category?post=21658"}],"curies":[{"name":"wp","href":"https:\/\/api.w.org\/{rel}","templated":true}]}}